{"id":368,"date":"2015-03-10T07:51:29","date_gmt":"2015-03-10T07:51:29","guid":{"rendered":"https:\/\/fachjan.fidev.nl\/fachjan\/?page_id=368"},"modified":"2025-11-06T11:30:39","modified_gmt":"2025-11-06T11:30:39","slug":"plants-general","status":"publish","type":"page","link":"https:\/\/fachjan.fidev.nl\/FR\/plants-general\/","title":{"rendered":"Plantes"},"content":{"rendered":"<p><\/p>\n<h1>Les plantes revitalisent<br \/>\nle climat int\u00e9rieur<\/h1>\n<h1>Les plantes revitalisent<br \/>\nle climat int\u00e9rieur<\/h1>\n<h1>Les plantes revitalisent<br \/>\nle climat int\u00e9rieur<\/h1>\n<h1>Les plantes revitalisent<br \/>\nle climat int\u00e9rieur<\/h1>\n<h1>Les plantes revitalisent<br \/>\nle climat int\u00e9rieur<\/h1>\n<h1>Les plantes revitalisent<br \/>\nle climat int\u00e9rieur<\/h1>\n<h1>Les plantes revitalisent<br \/>\nle climat int\u00e9rieur<\/h1>\n<h1>Les plantes revitalisent<br \/>\nle climat int\u00e9rieur<\/h1>\n<p><\/p>\n<h1>Les plantes revitalisent<br \/>\nle climat int\u00e9rieur<\/h1>\n<h1>Les plantes revitalisent<br \/>\nle climat int\u00e9rieur<\/h1>\n<h1>Les plantes revitalisent<br \/>\nle climat int\u00e9rieur<\/h1>\n<h1>Les plantes revitalisent<br \/>\nle climat int\u00e9rieur<\/h1>\n<h1>Les plantes revitalisent<br \/>\nle climat int\u00e9rieur<\/h1>\n<h1>Les plantes revitalisent<br \/>\nle climat int\u00e9rieur<\/h1>\n<h1>Les plantes revitalisent<br \/>\nle climat int\u00e9rieur<\/h1>\n<h1>Les plantes revitalisent<br \/>\nle climat int\u00e9rieur<\/h1>\n<p><\/p>","protected":false},"excerpt":{"rendered":"<p>Les plantes revitalisent le climat int\u00e9rieur Les plantes revitalisent le climat int\u00e9rieur Les plantes revitalisent le climat int\u00e9rieur Les plantes revitalisent le climat int\u00e9rieur Les plantes revitalisent le climat int\u00e9rieur Les plantes revitalisent le climat int\u00e9rieur Les plantes revitalisent le climat int\u00e9rieur Les plantes revitalisent le climat int\u00e9rieur Les plantes revitalisent le climat int\u00e9rieur Les [&hellip;]<\/p>\n","protected":false},"author":529441,"featured_media":8803,"parent":0,"menu_order":0,"comment_status":"open","ping_status":"closed","template":"page-templates\/template_plants.php","meta":{"footnotes":""},"class_list":["post-368","page","type-page","status-publish","has-post-thumbnail","hentry"],"_links":{"self":[{"href":"https:\/\/fachjan.fidev.nl\/FR\/wp-json\/wp\/v2\/pages\/368","targetHints":{"allow":["GET"]}}],"collection":[{"href":"https:\/\/fachjan.fidev.nl\/FR\/wp-json\/wp\/v2\/pages"}],"about":[{"href":"https:\/\/fachjan.fidev.nl\/FR\/wp-json\/wp\/v2\/types\/page"}],"author":[{"embeddable":true,"href":"https:\/\/fachjan.fidev.nl\/FR\/wp-json\/wp\/v2\/users\/529441"}],"replies":[{"embeddable":true,"href":"https:\/\/fachjan.fidev.nl\/FR\/wp-json\/wp\/v2\/comments?post=368"}],"version-history":[{"count":53,"href":"https:\/\/fachjan.fidev.nl\/FR\/wp-json\/wp\/v2\/pages\/368\/revisions"}],"predecessor-version":[{"id":11615,"href":"https:\/\/fachjan.fidev.nl\/FR\/wp-json\/wp\/v2\/pages\/368\/revisions\/11615"}],"wp:featuredmedia":[{"embeddable":true,"href":"https:\/\/fachjan.fidev.nl\/FR\/wp-json\/wp\/v2\/media\/8803"}],"wp:attachment":[{"href":"https:\/\/fachjan.fidev.nl\/FR\/wp-json\/wp\/v2\/media?parent=368"}],"curies":[{"name":"wp","href":"https:\/\/api.w.org\/{rel}","templated":true}]}}